{"id":5498,"date":"2023-01-20T10:15:00","date_gmt":"2023-01-20T09:15:00","guid":{"rendered":"https:\/\/www.concolino.it\/?post_type=tribe_events&#038;p=5498"},"modified":"2023-01-20T12:11:29","modified_gmt":"2023-01-20T11:11:29","slug":"padre-nostro-montecorvino-lectures-martedi-24-gennaio-h-21-00-diretta-facebook","status":"publish","type":"tribe_events","link":"https:\/\/www.concolino.it\/index.php\/event\/padre-nostro-montecorvino-lectures-martedi-24-gennaio-h-21-00-diretta-facebook\/","title":{"rendered":"Padre Nostro | Montecorvino Lectures \u2013 Marted\u00ec 24 gennaio h. 21.00 Diretta Facebook"},"content":{"rendered":"<p>La seconda invocazione del Padre Nostro recita: &#8220;Venga il tuo Regno&#8221;. La parola &#8216;Regno&#8217; per\u00f2 va subito dissociata da alcune false visioni intessute di potere, possesso o manipolazioni e va inserita invece in un contesto evangelico e teologico. Nella preghiera di Ges\u00f9, noi chiediamo paradossalmente ci\u00f2 che gi\u00e0 \u00e8 presente\u00a0tra noi fin da quando il rabbi di Galilea ha iniziato ad operare nel mondo. Tuttavia \u00a0ora quel luminoso punto di inizio, \u00a0va coltivato e favorito ancora una volta attraverso il nostro sforzo e responsabilit\u00e0. Non solo dai cristiani ma anche da tutti gli uomini di buona volont\u00e0. I valori del Regno infatti, come verit\u00e0, bont\u00e0, benevolenza, misericordia, fraternit\u00e0, discernimento, sacrificio, gratuit\u00e0 e dono di s\u00e9, \u00a0possono davvero essere condivisi da tutti, credenti e non credenti. Nondimeno il Regno stesso, che per i cristiani, coincide con la persona viva del Signore Ges\u00f9, pu\u00f2 essere preso in considerazione da chiunque si ponga senza pregiudizi la domanda seria sul senso della propria vita. \u00a0In questo nostro incontro guarderemo dunque all&#8217;interezza di quel Regno che non ammette forzature e \u00a0&#8216;si diffonde per attrazione e non per proselitismo&#8217; (cit. Papa Francesco). Lo faremo con l&#8217;aiuto di persone che in modo diverso operano secondo quei valori: vita nascente, educazione, profughi, cammino interiore.<\/p>\n<p>&nbsp;<\/p>\n","protected":false},"excerpt":{"rendered":"<p>La seconda invocazione del Padre Nostro recita: &#8220;Venga il tuo Regno&#8221;. La parola &#8216;Regno&#8217; per\u00f2 va subito dissociata da alcune false visioni intessute di potere, possesso o manipolazioni e va [&hellip;]<\/p>\n","protected":false},"author":1,"featured_media":5502,"template":"","meta":{"site-sidebar-layout":"default","site-content-layout":"default","ast-site-content-layout":"default","site-content-style":"default","site-sidebar-style":"default","ast-global-header-display":"","ast-banner-title-visibility":"","ast-main-header-display":"","ast-hfb-above-header-display":"","ast-hfb-below-header-display":"","ast-hfb-mobile-header-display":"","site-post-title":"","ast-breadcrumbs-content":"","ast-featured-img":"","footer-sml-layout":"","ast-disable-related-posts":"","theme-transparent-header-meta":"default","adv-header-id-meta":"","stick-header-meta":"","header-above-stick-meta":"","header-main-stick-meta":"","header-below-stick-meta":"","astra-migrate-meta-layouts":"default","ast-page-background-enabled":"default","ast-page-background-meta":{"desktop":{"background-color":"","background-image":"","background-repeat":"repeat","background-position":"center center","background-size":"auto","background-attachment":"scroll","background-type":"","background-media":"","overlay-type":"","overlay-color":"","overlay-opacity":"","overlay-gradient":""},"tablet":{"background-color":"","background-image":"","background-repeat":"repeat","background-position":"center center","background-size":"auto","background-attachment":"scroll","background-type":"","background-media":"","overlay-type":"","overlay-color":"","overlay-opacity":"","overlay-gradient":""},"mobile":{"background-color":"","background-image":"","background-repeat":"repeat","background-position":"center center","background-size":"auto","background-attachment":"scroll","background-type":"","background-media":"","overlay-type":"","overlay-color":"","overlay-opacity":"","overlay-gradient":""}},"ast-content-background-meta":{"desktop":{"background-color":"var(--ast-global-color-5)","background-image":"","background-repeat":"repeat","background-position":"center center","background-size":"auto","background-attachment":"scroll","background-type":"","background-media":"","overlay-type":"","overlay-color":"","overlay-opacity":"","overlay-gradient":""},"tablet":{"background-color":"var(--ast-global-color-5)","background-image":"","background-repeat":"repeat","background-position":"center center","background-size":"auto","background-attachment":"scroll","background-type":"","background-media":"","overlay-type":"","overlay-color":"","overlay-opacity":"","overlay-gradient":""},"mobile":{"background-color":"var(--ast-global-color-5)","background-image":"","background-repeat":"repeat","background-position":"center center","background-size":"auto","background-attachment":"scroll","background-type":"","background-media":"","overlay-type":"","overlay-color":"","overlay-opacity":"","overlay-gradient":""}},"_tribe_events_status":"","_tribe_events_status_reason":"","footnotes":""},"tags":[],"tribe_events_cat":[33,28],"class_list":["post-5498","tribe_events","type-tribe_events","status-publish","has-post-thumbnail","hentry","tribe_events_cat-dirette","tribe_events_cat-montecorvino-lectures","cat_dirette","cat_montecorvino-lectures"],"yoast_head":"<!-- This site is optimized with the Yoast SEO plugin v27.5 - https:\/\/yoast.com\/product\/yoast-seo-wordpress\/ -->\n<title>Padre Nostro | Montecorvino Lectures \u2013 Marted\u00ec 24 gennaio h. 21.00 Diretta Facebook - Concolino.it<\/title>\n<meta name=\"robots\" content=\"index, follow, max-snippet:-1, max-image-preview:large, max-video-preview:-1\" \/>\n<link rel=\"canonical\" href=\"https:\/\/www.concolino.it\/index.php\/event\/padre-nostro-montecorvino-lectures-martedi-24-gennaio-h-21-00-diretta-facebook\/\" \/>\n<meta property=\"og:locale\" content=\"it_IT\" \/>\n<meta property=\"og:type\" content=\"article\" \/>\n<meta property=\"og:title\" content=\"Padre Nostro | Montecorvino Lectures \u2013 Marted\u00ec 24 gennaio h. 21.00 Diretta Facebook - Concolino.it\" \/>\n<meta property=\"og:description\" content=\"La seconda invocazione del Padre Nostro recita: &#8220;Venga il tuo Regno&#8221;. La parola &#8216;Regno&#8217; per\u00f2 va subito dissociata da alcune false visioni intessute di potere, possesso o manipolazioni e va [&hellip;]\" \/>\n<meta property=\"og:url\" content=\"https:\/\/www.concolino.it\/index.php\/event\/padre-nostro-montecorvino-lectures-martedi-24-gennaio-h-21-00-diretta-facebook\/\" \/>\n<meta property=\"og:site_name\" content=\"Concolino.it\" \/>\n<meta property=\"article:publisher\" content=\"https:\/\/www.facebook.com\/don.mik.94\" \/>\n<meta property=\"article:modified_time\" content=\"2023-01-20T11:11:29+00:00\" \/>\n<meta property=\"og:image\" content=\"https:\/\/www.concolino.it\/wp-content\/uploads\/2023\/01\/Schermata-2023-01-20-alle-10.39.29.png\" \/>\n\t<meta property=\"og:image:width\" content=\"890\" \/>\n\t<meta property=\"og:image:height\" content=\"501\" \/>\n\t<meta property=\"og:image:type\" content=\"image\/png\" \/>\n<meta name=\"twitter:card\" content=\"summary_large_image\" \/>\n<meta name=\"twitter:site\" content=\"@don_mik\" \/>\n<meta name=\"twitter:label1\" content=\"Tempo di lettura stimato\" \/>\n\t<meta name=\"twitter:data1\" content=\"2 minuti\" \/>\n<script type=\"application\/ld+json\" class=\"yoast-schema-graph\">{\"@context\":\"https:\\\/\\\/schema.org\",\"@graph\":[{\"@type\":\"WebPage\",\"@id\":\"https:\\\/\\\/www.concolino.it\\\/index.php\\\/event\\\/padre-nostro-montecorvino-lectures-martedi-24-gennaio-h-21-00-diretta-facebook\\\/\",\"url\":\"https:\\\/\\\/www.concolino.it\\\/index.php\\\/event\\\/padre-nostro-montecorvino-lectures-martedi-24-gennaio-h-21-00-diretta-facebook\\\/\",\"name\":\"Padre Nostro | Montecorvino Lectures \u2013 Marted\u00ec 24 gennaio h. 21.00 Diretta Facebook - Concolino.it\",\"isPartOf\":{\"@id\":\"https:\\\/\\\/www.concolino.it\\\/#website\"},\"primaryImageOfPage\":{\"@id\":\"https:\\\/\\\/www.concolino.it\\\/index.php\\\/event\\\/padre-nostro-montecorvino-lectures-martedi-24-gennaio-h-21-00-diretta-facebook\\\/#primaryimage\"},\"image\":{\"@id\":\"https:\\\/\\\/www.concolino.it\\\/index.php\\\/event\\\/padre-nostro-montecorvino-lectures-martedi-24-gennaio-h-21-00-diretta-facebook\\\/#primaryimage\"},\"thumbnailUrl\":\"https:\\\/\\\/www.concolino.it\\\/wp-content\\\/uploads\\\/2023\\\/01\\\/Schermata-2023-01-20-alle-10.39.29.png\",\"datePublished\":\"2023-01-20T09:15:00+00:00\",\"dateModified\":\"2023-01-20T11:11:29+00:00\",\"breadcrumb\":{\"@id\":\"https:\\\/\\\/www.concolino.it\\\/index.php\\\/event\\\/padre-nostro-montecorvino-lectures-martedi-24-gennaio-h-21-00-diretta-facebook\\\/#breadcrumb\"},\"inLanguage\":\"it-IT\",\"potentialAction\":[{\"@type\":\"ReadAction\",\"target\":[\"https:\\\/\\\/www.concolino.it\\\/index.php\\\/event\\\/padre-nostro-montecorvino-lectures-martedi-24-gennaio-h-21-00-diretta-facebook\\\/\"]}]},{\"@type\":\"ImageObject\",\"inLanguage\":\"it-IT\",\"@id\":\"https:\\\/\\\/www.concolino.it\\\/index.php\\\/event\\\/padre-nostro-montecorvino-lectures-martedi-24-gennaio-h-21-00-diretta-facebook\\\/#primaryimage\",\"url\":\"https:\\\/\\\/www.concolino.it\\\/wp-content\\\/uploads\\\/2023\\\/01\\\/Schermata-2023-01-20-alle-10.39.29.png\",\"contentUrl\":\"https:\\\/\\\/www.concolino.it\\\/wp-content\\\/uploads\\\/2023\\\/01\\\/Schermata-2023-01-20-alle-10.39.29.png\",\"width\":890,\"height\":501},{\"@type\":\"BreadcrumbList\",\"@id\":\"https:\\\/\\\/www.concolino.it\\\/index.php\\\/event\\\/padre-nostro-montecorvino-lectures-martedi-24-gennaio-h-21-00-diretta-facebook\\\/#breadcrumb\",\"itemListElement\":[{\"@type\":\"ListItem\",\"position\":1,\"name\":\"Home\",\"item\":\"https:\\\/\\\/www.concolino.it\\\/\"},{\"@type\":\"ListItem\",\"position\":2,\"name\":\"Eventi\",\"item\":\"https:\\\/\\\/www.concolino.it\\\/index.php\\\/events\\\/\"},{\"@type\":\"ListItem\",\"position\":3,\"name\":\"Padre Nostro | Montecorvino Lectures \u2013 Marted\u00ec 24 gennaio h. 21.00 Diretta Facebook\"}]},{\"@type\":\"WebSite\",\"@id\":\"https:\\\/\\\/www.concolino.it\\\/#website\",\"url\":\"https:\\\/\\\/www.concolino.it\\\/\",\"name\":\"Concolino.it\",\"description\":\"Allargare gli spazi del Verbo\",\"publisher\":{\"@id\":\"https:\\\/\\\/www.concolino.it\\\/#\\\/schema\\\/person\\\/dfa8517603a44e77da85e7eb5139c070\"},\"potentialAction\":[{\"@type\":\"SearchAction\",\"target\":{\"@type\":\"EntryPoint\",\"urlTemplate\":\"https:\\\/\\\/www.concolino.it\\\/?s={search_term_string}\"},\"query-input\":{\"@type\":\"PropertyValueSpecification\",\"valueRequired\":true,\"valueName\":\"search_term_string\"}}],\"inLanguage\":\"it-IT\"},{\"@type\":[\"Person\",\"Organization\"],\"@id\":\"https:\\\/\\\/www.concolino.it\\\/#\\\/schema\\\/person\\\/dfa8517603a44e77da85e7eb5139c070\",\"name\":\"Domenico Concolino\",\"image\":{\"@type\":\"ImageObject\",\"inLanguage\":\"it-IT\",\"@id\":\"https:\\\/\\\/www.concolino.it\\\/wp-content\\\/uploads\\\/2014\\\/07\\\/CT5W9104.jpg\",\"url\":\"https:\\\/\\\/www.concolino.it\\\/wp-content\\\/uploads\\\/2014\\\/07\\\/CT5W9104.jpg\",\"contentUrl\":\"https:\\\/\\\/www.concolino.it\\\/wp-content\\\/uploads\\\/2014\\\/07\\\/CT5W9104.jpg\",\"width\":1276,\"height\":850,\"caption\":\"Domenico Concolino\"},\"logo\":{\"@id\":\"https:\\\/\\\/www.concolino.it\\\/wp-content\\\/uploads\\\/2014\\\/07\\\/CT5W9104.jpg\"},\"description\":\"Teologo | Cappellano Campus Universit\u00e0 Magna Graecia | Direttore Ufficio Regione Universit\u00e0 Scuola Educazione (Calabria)\",\"sameAs\":[\"https:\\\/\\\/www.facebook.com\\\/don.mik.94\",\"https:\\\/\\\/x.com\\\/https:\\\/\\\/twitter.com\\\/don_mik\"]}]}<\/script>\n<!-- \/ Yoast SEO plugin. -->","yoast_head_json":{"title":"Padre Nostro | Montecorvino Lectures \u2013 Marted\u00ec 24 gennaio h. 21.00 Diretta Facebook - Concolino.it","robots":{"index":"index","follow":"follow","max-snippet":"max-snippet:-1","max-image-preview":"max-image-preview:large","max-video-preview":"max-video-preview:-1"},"canonical":"https:\/\/www.concolino.it\/index.php\/event\/padre-nostro-montecorvino-lectures-martedi-24-gennaio-h-21-00-diretta-facebook\/","og_locale":"it_IT","og_type":"article","og_title":"Padre Nostro | Montecorvino Lectures \u2013 Marted\u00ec 24 gennaio h. 21.00 Diretta Facebook - Concolino.it","og_description":"La seconda invocazione del Padre Nostro recita: &#8220;Venga il tuo Regno&#8221;. La parola &#8216;Regno&#8217; per\u00f2 va subito dissociata da alcune false visioni intessute di potere, possesso o manipolazioni e va [&hellip;]","og_url":"https:\/\/www.concolino.it\/index.php\/event\/padre-nostro-montecorvino-lectures-martedi-24-gennaio-h-21-00-diretta-facebook\/","og_site_name":"Concolino.it","article_publisher":"https:\/\/www.facebook.com\/don.mik.94","article_modified_time":"2023-01-20T11:11:29+00:00","og_image":[{"width":890,"height":501,"url":"https:\/\/www.concolino.it\/wp-content\/uploads\/2023\/01\/Schermata-2023-01-20-alle-10.39.29.png","type":"image\/png"}],"twitter_card":"summary_large_image","twitter_site":"@don_mik","twitter_misc":{"Tempo di lettura stimato":"2 minuti"},"schema":{"@context":"https:\/\/schema.org","@graph":[{"@type":"WebPage","@id":"https:\/\/www.concolino.it\/index.php\/event\/padre-nostro-montecorvino-lectures-martedi-24-gennaio-h-21-00-diretta-facebook\/","url":"https:\/\/www.concolino.it\/index.php\/event\/padre-nostro-montecorvino-lectures-martedi-24-gennaio-h-21-00-diretta-facebook\/","name":"Padre Nostro | Montecorvino Lectures \u2013 Marted\u00ec 24 gennaio h. 21.00 Diretta Facebook - Concolino.it","isPartOf":{"@id":"https:\/\/www.concolino.it\/#website"},"primaryImageOfPage":{"@id":"https:\/\/www.concolino.it\/index.php\/event\/padre-nostro-montecorvino-lectures-martedi-24-gennaio-h-21-00-diretta-facebook\/#primaryimage"},"image":{"@id":"https:\/\/www.concolino.it\/index.php\/event\/padre-nostro-montecorvino-lectures-martedi-24-gennaio-h-21-00-diretta-facebook\/#primaryimage"},"thumbnailUrl":"https:\/\/www.concolino.it\/wp-content\/uploads\/2023\/01\/Schermata-2023-01-20-alle-10.39.29.png","datePublished":"2023-01-20T09:15:00+00:00","dateModified":"2023-01-20T11:11:29+00:00","breadcrumb":{"@id":"https:\/\/www.concolino.it\/index.php\/event\/padre-nostro-montecorvino-lectures-martedi-24-gennaio-h-21-00-diretta-facebook\/#breadcrumb"},"inLanguage":"it-IT","potentialAction":[{"@type":"ReadAction","target":["https:\/\/www.concolino.it\/index.php\/event\/padre-nostro-montecorvino-lectures-martedi-24-gennaio-h-21-00-diretta-facebook\/"]}]},{"@type":"ImageObject","inLanguage":"it-IT","@id":"https:\/\/www.concolino.it\/index.php\/event\/padre-nostro-montecorvino-lectures-martedi-24-gennaio-h-21-00-diretta-facebook\/#primaryimage","url":"https:\/\/www.concolino.it\/wp-content\/uploads\/2023\/01\/Schermata-2023-01-20-alle-10.39.29.png","contentUrl":"https:\/\/www.concolino.it\/wp-content\/uploads\/2023\/01\/Schermata-2023-01-20-alle-10.39.29.png","width":890,"height":501},{"@type":"BreadcrumbList","@id":"https:\/\/www.concolino.it\/index.php\/event\/padre-nostro-montecorvino-lectures-martedi-24-gennaio-h-21-00-diretta-facebook\/#breadcrumb","itemListElement":[{"@type":"ListItem","position":1,"name":"Home","item":"https:\/\/www.concolino.it\/"},{"@type":"ListItem","position":2,"name":"Eventi","item":"https:\/\/www.concolino.it\/index.php\/events\/"},{"@type":"ListItem","position":3,"name":"Padre Nostro | Montecorvino Lectures \u2013 Marted\u00ec 24 gennaio h. 21.00 Diretta Facebook"}]},{"@type":"WebSite","@id":"https:\/\/www.concolino.it\/#website","url":"https:\/\/www.concolino.it\/","name":"Concolino.it","description":"Allargare gli spazi del Verbo","publisher":{"@id":"https:\/\/www.concolino.it\/#\/schema\/person\/dfa8517603a44e77da85e7eb5139c070"},"potentialAction":[{"@type":"SearchAction","target":{"@type":"EntryPoint","urlTemplate":"https:\/\/www.concolino.it\/?s={search_term_string}"},"query-input":{"@type":"PropertyValueSpecification","valueRequired":true,"valueName":"search_term_string"}}],"inLanguage":"it-IT"},{"@type":["Person","Organization"],"@id":"https:\/\/www.concolino.it\/#\/schema\/person\/dfa8517603a44e77da85e7eb5139c070","name":"Domenico Concolino","image":{"@type":"ImageObject","inLanguage":"it-IT","@id":"https:\/\/www.concolino.it\/wp-content\/uploads\/2014\/07\/CT5W9104.jpg","url":"https:\/\/www.concolino.it\/wp-content\/uploads\/2014\/07\/CT5W9104.jpg","contentUrl":"https:\/\/www.concolino.it\/wp-content\/uploads\/2014\/07\/CT5W9104.jpg","width":1276,"height":850,"caption":"Domenico Concolino"},"logo":{"@id":"https:\/\/www.concolino.it\/wp-content\/uploads\/2014\/07\/CT5W9104.jpg"},"description":"Teologo | Cappellano Campus Universit\u00e0 Magna Graecia | Direttore Ufficio Regione Universit\u00e0 Scuola Educazione (Calabria)","sameAs":["https:\/\/www.facebook.com\/don.mik.94","https:\/\/x.com\/https:\/\/twitter.com\/don_mik"]}]}},"_links":{"self":[{"href":"https:\/\/www.concolino.it\/index.php\/wp-json\/wp\/v2\/tribe_events\/5498","targetHints":{"allow":["GET"]}}],"collection":[{"href":"https:\/\/www.concolino.it\/index.php\/wp-json\/wp\/v2\/tribe_events"}],"about":[{"href":"https:\/\/www.concolino.it\/index.php\/wp-json\/wp\/v2\/types\/tribe_events"}],"author":[{"embeddable":true,"href":"https:\/\/www.concolino.it\/index.php\/wp-json\/wp\/v2\/users\/1"}],"version-history":[{"count":1,"href":"https:\/\/www.concolino.it\/index.php\/wp-json\/wp\/v2\/tribe_events\/5498\/revisions"}],"predecessor-version":[{"id":5501,"href":"https:\/\/www.concolino.it\/index.php\/wp-json\/wp\/v2\/tribe_events\/5498\/revisions\/5501"}],"wp:featuredmedia":[{"embeddable":true,"href":"https:\/\/www.concolino.it\/index.php\/wp-json\/wp\/v2\/media\/5502"}],"wp:attachment":[{"href":"https:\/\/www.concolino.it\/index.php\/wp-json\/wp\/v2\/media?parent=5498"}],"wp:term":[{"taxonomy":"post_tag","embeddable":true,"href":"https:\/\/www.concolino.it\/index.php\/wp-json\/wp\/v2\/tags?post=5498"},{"taxonomy":"tribe_events_cat","embeddable":true,"href":"https:\/\/www.concolino.it\/index.php\/wp-json\/wp\/v2\/tribe_events_cat?post=5498"}],"curies":[{"name":"wp","href":"https:\/\/api.w.org\/{rel}","templated":true}]}}