{"id":5289,"date":"2022-10-02T15:09:50","date_gmt":"2022-10-02T13:09:50","guid":{"rendered":"https:\/\/www.concolino.it\/?post_type=tribe_events&#038;p=5289"},"modified":"2022-10-02T15:11:59","modified_gmt":"2022-10-02T13:11:59","slug":"padre-nostro-montecorvino-lectures-martedi-4-ottobre-h-2030-diretta-youtube","status":"publish","type":"tribe_events","link":"https:\/\/www.concolino.it\/index.php\/event\/padre-nostro-montecorvino-lectures-martedi-4-ottobre-h-2030-diretta-youtube\/","title":{"rendered":"Padre Nostro | Montecorvino Lectures &#8211; marted\u00ec 4 Ottobre, h. 20,30 diretta YouTube"},"content":{"rendered":"<div class=\"l7ghb35v kjdc1dyq kmwttqpk gh25dzvf jikcssrz n3t5jt4f\">\n<div dir=\"auto\">Con quale sguardo un credente si rivolge verso l&#8217;universo? Come &#8216;vede&#8217; lo spazio intorno al pianeta che ogni giorno diventa pi\u00f9 senza confini? Soprattutto, Che valore assegna alla sua stessa esperienza di fede in un tempo in cui la razionalit\u00e0 scientifica sembra occupare tutto lo spazio possibile della credibilit\u00e0 nel mondo di oggi?<\/div>\n<\/div>\n<div class=\"l7ghb35v kjdc1dyq kmwttqpk gh25dzvf jikcssrz n3t5jt4f\">\n<div dir=\"auto\">L&#8217;esperienza quotidiana, ci rivela come spesso, molto spesso il cuore di chi fa scienza, i suoi desideri, spingono a ricercare risposte che il campo delle scienze sperimentali neppure sfiora lontanamente.<\/div>\n<\/div>\n<div class=\"l7ghb35v kjdc1dyq kmwttqpk gh25dzvf jikcssrz n3t5jt4f\">\n<div dir=\"auto\">Uni dei logici matematici pi\u00f9 geniali che la modernit\u00e0 abbia conosciuto l&#8217;austriaco Ludwig Wittgenstein scrive: &#8220;L\u2019impulso al mistico viene dalla mancata soddisfazione dei nostri desideri da parte della scienza. Noi sentiamo che anche una volta che tutte le possibili domande scientifiche hanno avuto risposta, il nostro problema non \u00e8 ancora neppur toccato. Certo non resta allora pi\u00f9 alcuna domanda; e appunto questo \u00e8 la risposta [L. Wittgenstein, Quaderni 1914-1916,]<\/div>\n<\/div>\n<div class=\"l7ghb35v kjdc1dyq kmwttqpk gh25dzvf jikcssrz n3t5jt4f\">\n<div dir=\"auto\">Restare nelle grandi domande che accompagnano il cammino di ogni uomo, credente e non credente, \u00e8 cos\u00ec gi\u00e0 un grande passo da compiere.<\/div>\n<\/div>\n<div class=\"l7ghb35v kjdc1dyq kmwttqpk gh25dzvf jikcssrz n3t5jt4f\">\n<div dir=\"auto\">Ogni autentico credente non teme affatto i risultati della scienza ma li sa leggere in una luce diversa, le vede a volte come segno, come traccia, come apertura a qualcos&#8217;altro.<\/div>\n<\/div>\n<div class=\"l7ghb35v kjdc1dyq kmwttqpk gh25dzvf jikcssrz n3t5jt4f\">\n<div dir=\"auto\">Queste e molte altre domande, saranno oggetto di un dialogo a due voci per il primo incontro per le &#8220;Montecorvino Lectures 2022-2023&#8221; che &#8211; per ogni appuntamento &#8211; avranno sempre due momenti di approfondimento. Il primo, via web, accessibile a tutti sul canale YouTube dedicato, vedr\u00e0 avvicendarsi diverse personalit\u00e0 della scienza e della spiritualit\u00e0 cristiana.<\/div>\n<\/div>\n<div class=\"l7ghb35v kjdc1dyq kmwttqpk gh25dzvf jikcssrz n3t5jt4f\">\n<div dir=\"auto\">Il secondo incontro in presenza, nell&#8217;antica chiesetta di Montecorvino, al sabato sera dopo la santa messa delle h. 18.00; avr\u00e0 un taglio pi\u00f9 marcatamente catechetico seguendo il filo della preghiera del Padre nostro, la preghiera insegnata dal Maestro di Galilea e Nostro Signore.<\/div>\n<\/div>\n<div class=\"l7ghb35v kjdc1dyq kmwttqpk gh25dzvf jikcssrz n3t5jt4f\">\n<div dir=\"auto\">Il primo ospite sar\u00e0 appunto Don Matteo. ecco un suo breve profilo:<\/div>\n<\/div>\n<div class=\"l7ghb35v kjdc1dyq kmwttqpk gh25dzvf jikcssrz n3t5jt4f\">\n<div dir=\"auto\">Matteo Galaverni &#8211; Dopo gli studi al liceo scientifico di Reggio Emilia si iscrive al corso di laurea in Fisica presso l\u2019universit\u00e0 di Bologna. L\u2019interesse per la cosmologia si sviluppa prima nella tesi di laurea e poi negli studi del dottorato di ricerca dedicati in particolare alla polarizzazione della radiazione cosmica di fondo (CMB). Nel 2015 viene ordinato sacerdote per la diocesi di Reggio Emilia-Guastalla.Per conto della Diocesi si occupa della Pastorale del Mondo Accademico e dell\u2019Universit\u00e0.<\/div>\n<div dir=\"auto\">Continua inoltre a svolgere attivit\u00e0 di ricerca in cosmologia, collaborando in particolare con la Specola Vaticana e l\u2019Osservatorio di Astrofisica e Scienza dello Spazio di Bologna.<\/div>\n<\/div>\n","protected":false},"excerpt":{"rendered":"<p>Con quale sguardo un credente si rivolge verso l&#8217;universo? Come &#8216;vede&#8217; lo spazio intorno al pianeta che ogni giorno diventa pi\u00f9 senza confini? Soprattutto, Che valore assegna alla sua stessa [&hellip;]<\/p>\n","protected":false},"author":1,"featured_media":5290,"template":"","meta":{"site-sidebar-layout":"default","site-content-layout":"default","ast-site-content-layout":"default","site-content-style":"default","site-sidebar-style":"default","ast-global-header-display":"","ast-banner-title-visibility":"","ast-main-header-display":"","ast-hfb-above-header-display":"","ast-hfb-below-header-display":"","ast-hfb-mobile-header-display":"","site-post-title":"","ast-breadcrumbs-content":"","ast-featured-img":"","footer-sml-layout":"","ast-disable-related-posts":"","theme-transparent-header-meta":"default","adv-header-id-meta":"","stick-header-meta":"","header-above-stick-meta":"","header-main-stick-meta":"","header-below-stick-meta":"","astra-migrate-meta-layouts":"default","ast-page-background-enabled":"default","ast-page-background-meta":{"desktop":{"background-color":"","background-image":"","background-repeat":"repeat","background-position":"center center","background-size":"auto","background-attachment":"scroll","background-type":"","background-media":"","overlay-type":"","overlay-color":"","overlay-opacity":"","overlay-gradient":""},"tablet":{"background-color":"","background-image":"","background-repeat":"repeat","background-position":"center center","background-size":"auto","background-attachment":"scroll","background-type":"","background-media":"","overlay-type":"","overlay-color":"","overlay-opacity":"","overlay-gradient":""},"mobile":{"background-color":"","background-image":"","background-repeat":"repeat","background-position":"center center","background-size":"auto","background-attachment":"scroll","background-type":"","background-media":"","overlay-type":"","overlay-color":"","overlay-opacity":"","overlay-gradient":""}},"ast-content-background-meta":{"desktop":{"background-color":"var(--ast-global-color-5)","background-image":"","background-repeat":"repeat","background-position":"center center","background-size":"auto","background-attachment":"scroll","background-type":"","background-media":"","overlay-type":"","overlay-color":"","overlay-opacity":"","overlay-gradient":""},"tablet":{"background-color":"var(--ast-global-color-5)","background-image":"","background-repeat":"repeat","background-position":"center center","background-size":"auto","background-attachment":"scroll","background-type":"","background-media":"","overlay-type":"","overlay-color":"","overlay-opacity":"","overlay-gradient":""},"mobile":{"background-color":"var(--ast-global-color-5)","background-image":"","background-repeat":"repeat","background-position":"center center","background-size":"auto","background-attachment":"scroll","background-type":"","background-media":"","overlay-type":"","overlay-color":"","overlay-opacity":"","overlay-gradient":""}},"_tribe_events_status":"","_tribe_events_status_reason":"","footnotes":""},"tags":[],"tribe_events_cat":[33,28,27],"class_list":["post-5289","tribe_events","type-tribe_events","status-publish","has-post-thumbnail","hentry","tribe_events_cat-dirette","tribe_events_cat-montecorvino-lectures","tribe_events_cat-webinar","cat_dirette","cat_montecorvino-lectures","cat_webinar"],"yoast_head":"<!-- This site is optimized with the Yoast SEO plugin v27.5 - https:\/\/yoast.com\/product\/yoast-seo-wordpress\/ -->\n<title>Padre Nostro | Montecorvino Lectures - marted\u00ec 4 Ottobre, h. 20,30 diretta YouTube - Concolino.it<\/title>\n<meta name=\"robots\" content=\"index, follow, max-snippet:-1, max-image-preview:large, max-video-preview:-1\" \/>\n<link rel=\"canonical\" href=\"https:\/\/www.concolino.it\/index.php\/event\/padre-nostro-montecorvino-lectures-martedi-4-ottobre-h-2030-diretta-youtube\/\" \/>\n<meta property=\"og:locale\" content=\"it_IT\" \/>\n<meta property=\"og:type\" content=\"article\" \/>\n<meta property=\"og:title\" content=\"Padre Nostro | Montecorvino Lectures - marted\u00ec 4 Ottobre, h. 20,30 diretta YouTube - Concolino.it\" \/>\n<meta property=\"og:description\" content=\"Con quale sguardo un credente si rivolge verso l&#8217;universo? Come &#8216;vede&#8217; lo spazio intorno al pianeta che ogni giorno diventa pi\u00f9 senza confini? Soprattutto, Che valore assegna alla sua stessa [&hellip;]\" \/>\n<meta property=\"og:url\" content=\"https:\/\/www.concolino.it\/index.php\/event\/padre-nostro-montecorvino-lectures-martedi-4-ottobre-h-2030-diretta-youtube\/\" \/>\n<meta property=\"og:site_name\" content=\"Concolino.it\" \/>\n<meta property=\"article:publisher\" content=\"https:\/\/www.facebook.com\/don.mik.94\" \/>\n<meta property=\"article:modified_time\" content=\"2022-10-02T13:11:59+00:00\" \/>\n<meta property=\"og:image\" content=\"https:\/\/www.concolino.it\/wp-content\/uploads\/2022\/10\/DONMIK-PADRE-NOSTRO-DIRETTA-YOUTUBE-VERTICALE-21-\u00d7-29.7-cm-724x1024.png\" \/>\n\t<meta property=\"og:image:width\" content=\"724\" \/>\n\t<meta property=\"og:image:height\" content=\"1024\" \/>\n\t<meta property=\"og:image:type\" content=\"image\/png\" \/>\n<meta name=\"twitter:card\" content=\"summary_large_image\" \/>\n<meta name=\"twitter:site\" content=\"@don_mik\" \/>\n<meta name=\"twitter:label1\" content=\"Tempo di lettura stimato\" \/>\n\t<meta name=\"twitter:data1\" content=\"3 minuti\" \/>\n<script type=\"application\/ld+json\" class=\"yoast-schema-graph\">{\"@context\":\"https:\\\/\\\/schema.org\",\"@graph\":[{\"@type\":\"WebPage\",\"@id\":\"https:\\\/\\\/www.concolino.it\\\/index.php\\\/event\\\/padre-nostro-montecorvino-lectures-martedi-4-ottobre-h-2030-diretta-youtube\\\/\",\"url\":\"https:\\\/\\\/www.concolino.it\\\/index.php\\\/event\\\/padre-nostro-montecorvino-lectures-martedi-4-ottobre-h-2030-diretta-youtube\\\/\",\"name\":\"Padre Nostro | Montecorvino Lectures - marted\u00ec 4 Ottobre, h. 20,30 diretta YouTube - Concolino.it\",\"isPartOf\":{\"@id\":\"https:\\\/\\\/www.concolino.it\\\/#website\"},\"primaryImageOfPage\":{\"@id\":\"https:\\\/\\\/www.concolino.it\\\/index.php\\\/event\\\/padre-nostro-montecorvino-lectures-martedi-4-ottobre-h-2030-diretta-youtube\\\/#primaryimage\"},\"image\":{\"@id\":\"https:\\\/\\\/www.concolino.it\\\/index.php\\\/event\\\/padre-nostro-montecorvino-lectures-martedi-4-ottobre-h-2030-diretta-youtube\\\/#primaryimage\"},\"thumbnailUrl\":\"https:\\\/\\\/www.concolino.it\\\/wp-content\\\/uploads\\\/2022\\\/10\\\/DONMIK-PADRE-NOSTRO-DIRETTA-YOUTUBE-VERTICALE-21-\u00d7-29.7-cm.png\",\"datePublished\":\"2022-10-02T13:09:50+00:00\",\"dateModified\":\"2022-10-02T13:11:59+00:00\",\"breadcrumb\":{\"@id\":\"https:\\\/\\\/www.concolino.it\\\/index.php\\\/event\\\/padre-nostro-montecorvino-lectures-martedi-4-ottobre-h-2030-diretta-youtube\\\/#breadcrumb\"},\"inLanguage\":\"it-IT\",\"potentialAction\":[{\"@type\":\"ReadAction\",\"target\":[\"https:\\\/\\\/www.concolino.it\\\/index.php\\\/event\\\/padre-nostro-montecorvino-lectures-martedi-4-ottobre-h-2030-diretta-youtube\\\/\"]}]},{\"@type\":\"ImageObject\",\"inLanguage\":\"it-IT\",\"@id\":\"https:\\\/\\\/www.concolino.it\\\/index.php\\\/event\\\/padre-nostro-montecorvino-lectures-martedi-4-ottobre-h-2030-diretta-youtube\\\/#primaryimage\",\"url\":\"https:\\\/\\\/www.concolino.it\\\/wp-content\\\/uploads\\\/2022\\\/10\\\/DONMIK-PADRE-NOSTRO-DIRETTA-YOUTUBE-VERTICALE-21-\u00d7-29.7-cm.png\",\"contentUrl\":\"https:\\\/\\\/www.concolino.it\\\/wp-content\\\/uploads\\\/2022\\\/10\\\/DONMIK-PADRE-NOSTRO-DIRETTA-YOUTUBE-VERTICALE-21-\u00d7-29.7-cm.png\",\"width\":4242,\"height\":6000},{\"@type\":\"BreadcrumbList\",\"@id\":\"https:\\\/\\\/www.concolino.it\\\/index.php\\\/event\\\/padre-nostro-montecorvino-lectures-martedi-4-ottobre-h-2030-diretta-youtube\\\/#breadcrumb\",\"itemListElement\":[{\"@type\":\"ListItem\",\"position\":1,\"name\":\"Home\",\"item\":\"https:\\\/\\\/www.concolino.it\\\/\"},{\"@type\":\"ListItem\",\"position\":2,\"name\":\"Eventi\",\"item\":\"https:\\\/\\\/www.concolino.it\\\/index.php\\\/events\\\/\"},{\"@type\":\"ListItem\",\"position\":3,\"name\":\"Padre Nostro | Montecorvino Lectures &#8211; marted\u00ec 4 Ottobre, h. 20,30 diretta YouTube\"}]},{\"@type\":\"WebSite\",\"@id\":\"https:\\\/\\\/www.concolino.it\\\/#website\",\"url\":\"https:\\\/\\\/www.concolino.it\\\/\",\"name\":\"Concolino.it\",\"description\":\"Allargare gli spazi del Verbo\",\"publisher\":{\"@id\":\"https:\\\/\\\/www.concolino.it\\\/#\\\/schema\\\/person\\\/dfa8517603a44e77da85e7eb5139c070\"},\"potentialAction\":[{\"@type\":\"SearchAction\",\"target\":{\"@type\":\"EntryPoint\",\"urlTemplate\":\"https:\\\/\\\/www.concolino.it\\\/?s={search_term_string}\"},\"query-input\":{\"@type\":\"PropertyValueSpecification\",\"valueRequired\":true,\"valueName\":\"search_term_string\"}}],\"inLanguage\":\"it-IT\"},{\"@type\":[\"Person\",\"Organization\"],\"@id\":\"https:\\\/\\\/www.concolino.it\\\/#\\\/schema\\\/person\\\/dfa8517603a44e77da85e7eb5139c070\",\"name\":\"Domenico Concolino\",\"image\":{\"@type\":\"ImageObject\",\"inLanguage\":\"it-IT\",\"@id\":\"https:\\\/\\\/www.concolino.it\\\/wp-content\\\/uploads\\\/2014\\\/07\\\/CT5W9104.jpg\",\"url\":\"https:\\\/\\\/www.concolino.it\\\/wp-content\\\/uploads\\\/2014\\\/07\\\/CT5W9104.jpg\",\"contentUrl\":\"https:\\\/\\\/www.concolino.it\\\/wp-content\\\/uploads\\\/2014\\\/07\\\/CT5W9104.jpg\",\"width\":1276,\"height\":850,\"caption\":\"Domenico Concolino\"},\"logo\":{\"@id\":\"https:\\\/\\\/www.concolino.it\\\/wp-content\\\/uploads\\\/2014\\\/07\\\/CT5W9104.jpg\"},\"description\":\"Teologo | Cappellano Campus Universit\u00e0 Magna Graecia | Direttore Ufficio Regione Universit\u00e0 Scuola Educazione (Calabria)\",\"sameAs\":[\"https:\\\/\\\/www.facebook.com\\\/don.mik.94\",\"https:\\\/\\\/x.com\\\/https:\\\/\\\/twitter.com\\\/don_mik\"]}]}<\/script>\n<!-- \/ Yoast SEO plugin. -->","yoast_head_json":{"title":"Padre Nostro | Montecorvino Lectures - marted\u00ec 4 Ottobre, h. 20,30 diretta YouTube - Concolino.it","robots":{"index":"index","follow":"follow","max-snippet":"max-snippet:-1","max-image-preview":"max-image-preview:large","max-video-preview":"max-video-preview:-1"},"canonical":"https:\/\/www.concolino.it\/index.php\/event\/padre-nostro-montecorvino-lectures-martedi-4-ottobre-h-2030-diretta-youtube\/","og_locale":"it_IT","og_type":"article","og_title":"Padre Nostro | Montecorvino Lectures - marted\u00ec 4 Ottobre, h. 20,30 diretta YouTube - Concolino.it","og_description":"Con quale sguardo un credente si rivolge verso l&#8217;universo? Come &#8216;vede&#8217; lo spazio intorno al pianeta che ogni giorno diventa pi\u00f9 senza confini? Soprattutto, Che valore assegna alla sua stessa [&hellip;]","og_url":"https:\/\/www.concolino.it\/index.php\/event\/padre-nostro-montecorvino-lectures-martedi-4-ottobre-h-2030-diretta-youtube\/","og_site_name":"Concolino.it","article_publisher":"https:\/\/www.facebook.com\/don.mik.94","article_modified_time":"2022-10-02T13:11:59+00:00","og_image":[{"width":724,"height":1024,"url":"https:\/\/www.concolino.it\/wp-content\/uploads\/2022\/10\/DONMIK-PADRE-NOSTRO-DIRETTA-YOUTUBE-VERTICALE-21-\u00d7-29.7-cm-724x1024.png","type":"image\/png"}],"twitter_card":"summary_large_image","twitter_site":"@don_mik","twitter_misc":{"Tempo di lettura stimato":"3 minuti"},"schema":{"@context":"https:\/\/schema.org","@graph":[{"@type":"WebPage","@id":"https:\/\/www.concolino.it\/index.php\/event\/padre-nostro-montecorvino-lectures-martedi-4-ottobre-h-2030-diretta-youtube\/","url":"https:\/\/www.concolino.it\/index.php\/event\/padre-nostro-montecorvino-lectures-martedi-4-ottobre-h-2030-diretta-youtube\/","name":"Padre Nostro | Montecorvino Lectures - marted\u00ec 4 Ottobre, h. 20,30 diretta YouTube - Concolino.it","isPartOf":{"@id":"https:\/\/www.concolino.it\/#website"},"primaryImageOfPage":{"@id":"https:\/\/www.concolino.it\/index.php\/event\/padre-nostro-montecorvino-lectures-martedi-4-ottobre-h-2030-diretta-youtube\/#primaryimage"},"image":{"@id":"https:\/\/www.concolino.it\/index.php\/event\/padre-nostro-montecorvino-lectures-martedi-4-ottobre-h-2030-diretta-youtube\/#primaryimage"},"thumbnailUrl":"https:\/\/www.concolino.it\/wp-content\/uploads\/2022\/10\/DONMIK-PADRE-NOSTRO-DIRETTA-YOUTUBE-VERTICALE-21-\u00d7-29.7-cm.png","datePublished":"2022-10-02T13:09:50+00:00","dateModified":"2022-10-02T13:11:59+00:00","breadcrumb":{"@id":"https:\/\/www.concolino.it\/index.php\/event\/padre-nostro-montecorvino-lectures-martedi-4-ottobre-h-2030-diretta-youtube\/#breadcrumb"},"inLanguage":"it-IT","potentialAction":[{"@type":"ReadAction","target":["https:\/\/www.concolino.it\/index.php\/event\/padre-nostro-montecorvino-lectures-martedi-4-ottobre-h-2030-diretta-youtube\/"]}]},{"@type":"ImageObject","inLanguage":"it-IT","@id":"https:\/\/www.concolino.it\/index.php\/event\/padre-nostro-montecorvino-lectures-martedi-4-ottobre-h-2030-diretta-youtube\/#primaryimage","url":"https:\/\/www.concolino.it\/wp-content\/uploads\/2022\/10\/DONMIK-PADRE-NOSTRO-DIRETTA-YOUTUBE-VERTICALE-21-\u00d7-29.7-cm.png","contentUrl":"https:\/\/www.concolino.it\/wp-content\/uploads\/2022\/10\/DONMIK-PADRE-NOSTRO-DIRETTA-YOUTUBE-VERTICALE-21-\u00d7-29.7-cm.png","width":4242,"height":6000},{"@type":"BreadcrumbList","@id":"https:\/\/www.concolino.it\/index.php\/event\/padre-nostro-montecorvino-lectures-martedi-4-ottobre-h-2030-diretta-youtube\/#breadcrumb","itemListElement":[{"@type":"ListItem","position":1,"name":"Home","item":"https:\/\/www.concolino.it\/"},{"@type":"ListItem","position":2,"name":"Eventi","item":"https:\/\/www.concolino.it\/index.php\/events\/"},{"@type":"ListItem","position":3,"name":"Padre Nostro | Montecorvino Lectures &#8211; marted\u00ec 4 Ottobre, h. 20,30 diretta YouTube"}]},{"@type":"WebSite","@id":"https:\/\/www.concolino.it\/#website","url":"https:\/\/www.concolino.it\/","name":"Concolino.it","description":"Allargare gli spazi del Verbo","publisher":{"@id":"https:\/\/www.concolino.it\/#\/schema\/person\/dfa8517603a44e77da85e7eb5139c070"},"potentialAction":[{"@type":"SearchAction","target":{"@type":"EntryPoint","urlTemplate":"https:\/\/www.concolino.it\/?s={search_term_string}"},"query-input":{"@type":"PropertyValueSpecification","valueRequired":true,"valueName":"search_term_string"}}],"inLanguage":"it-IT"},{"@type":["Person","Organization"],"@id":"https:\/\/www.concolino.it\/#\/schema\/person\/dfa8517603a44e77da85e7eb5139c070","name":"Domenico Concolino","image":{"@type":"ImageObject","inLanguage":"it-IT","@id":"https:\/\/www.concolino.it\/wp-content\/uploads\/2014\/07\/CT5W9104.jpg","url":"https:\/\/www.concolino.it\/wp-content\/uploads\/2014\/07\/CT5W9104.jpg","contentUrl":"https:\/\/www.concolino.it\/wp-content\/uploads\/2014\/07\/CT5W9104.jpg","width":1276,"height":850,"caption":"Domenico Concolino"},"logo":{"@id":"https:\/\/www.concolino.it\/wp-content\/uploads\/2014\/07\/CT5W9104.jpg"},"description":"Teologo | Cappellano Campus Universit\u00e0 Magna Graecia | Direttore Ufficio Regione Universit\u00e0 Scuola Educazione (Calabria)","sameAs":["https:\/\/www.facebook.com\/don.mik.94","https:\/\/x.com\/https:\/\/twitter.com\/don_mik"]}]}},"_links":{"self":[{"href":"https:\/\/www.concolino.it\/index.php\/wp-json\/wp\/v2\/tribe_events\/5289","targetHints":{"allow":["GET"]}}],"collection":[{"href":"https:\/\/www.concolino.it\/index.php\/wp-json\/wp\/v2\/tribe_events"}],"about":[{"href":"https:\/\/www.concolino.it\/index.php\/wp-json\/wp\/v2\/types\/tribe_events"}],"author":[{"embeddable":true,"href":"https:\/\/www.concolino.it\/index.php\/wp-json\/wp\/v2\/users\/1"}],"version-history":[{"count":1,"href":"https:\/\/www.concolino.it\/index.php\/wp-json\/wp\/v2\/tribe_events\/5289\/revisions"}],"predecessor-version":[{"id":5291,"href":"https:\/\/www.concolino.it\/index.php\/wp-json\/wp\/v2\/tribe_events\/5289\/revisions\/5291"}],"wp:featuredmedia":[{"embeddable":true,"href":"https:\/\/www.concolino.it\/index.php\/wp-json\/wp\/v2\/media\/5290"}],"wp:attachment":[{"href":"https:\/\/www.concolino.it\/index.php\/wp-json\/wp\/v2\/media?parent=5289"}],"wp:term":[{"taxonomy":"post_tag","embeddable":true,"href":"https:\/\/www.concolino.it\/index.php\/wp-json\/wp\/v2\/tags?post=5289"},{"taxonomy":"tribe_events_cat","embeddable":true,"href":"https:\/\/www.concolino.it\/index.php\/wp-json\/wp\/v2\/tribe_events_cat?post=5289"}],"curies":[{"name":"wp","href":"https:\/\/api.w.org\/{rel}","templated":true}]}}